{"id":6300,"date":"2024-11-05T14:26:41","date_gmt":"2024-11-05T12:26:41","guid":{"rendered":"https:\/\/irdarbnicas.lv\/?post_type=product&#038;p=6300"},"modified":"2025-02-10T09:30:24","modified_gmt":"2025-02-10T07:30:24","slug":"atgriezeniska-saite-darbinieku-vadiba-ka-to-dot-ka-paprasit-un-ka-sanemt","status":"publish","type":"product","link":"https:\/\/irdarbnicas.lv\/en\/notikums\/atgriezeniska-saite-darbinieku-vadiba-ka-to-dot-ka-paprasit-un-ka-sanemt\/","title":{"rendered":"Atgriezenisk\u0101 saite darbinieku vad\u012bb\u0101: k\u0101 to dot, k\u0101 papras\u012bt un k\u0101 sa\u0146emt"},"content":{"rendered":"","protected":false},"excerpt":{"rendered":"<p>Atgriezenisk\u0101 saite k\u0101 vad\u012bbas instruments un personisk\u0101s att\u012bst\u012bbas r\u012bks.<\/p>\n","protected":false},"featured_media":6442,"template":"","meta":{"_jet_sm_ready_style":"","_jet_sm_style":"","_jet_sm_controls_values":"","_jet_sm_fonts_collection":"","_jet_sm_fonts_links":"","ir__nometne":"","mazajiem__jauniesiem":"","datums_":1738886400,"datums__end":0,"date_fancy":"07\/02","laiks":"09:00","laiks_lidz":"12:00","vieta":"Tie\u0161saiste","price-info":"90","subtitle":"Darbn\u012bca ar Katr\u012bnu O\u0161leju","apraksts":"<p>Nesa\u0146emot atgriezenisko saiti no saviem vad\u012bt\u0101jiem, darbinieki nesaprot, vai vi\u0146i sav\u0101 darb\u012bb\u0101 dodas \u201cpareizaj\u0101 virzien\u0101\u201d, kas vi\u0146iem b\u016btu j\u0101maina, j\u0101uzlabo, un kuras ir vi\u0146u sp\u0113c\u012bg\u0101s puses.<br \/>\nDarbinieki bez atkl\u0101tas sarunas ar vad\u012bt\u0101ju m\u0113dz pie\u013caut vair\u0101k k\u013c\u016bdu, bie\u017e\u0101k \u201cnovirz\u0101s no kursa\u201d, dz\u012bvo nezi\u0146\u0101 par savu darba sniegumu un zaud\u0113 motiv\u0101ciju.<br \/>\nSavuk\u0101rt vad\u012bt\u0101ji, kuri reiz pieredz\u0113ju\u0161i ne\u017e\u0113l\u012bgu un pazemojo\u0161u kritiku, baid\u0101s izteikt tie\u0161u atgriezenisko saiti, lai neaizskartu un neievainotu sev v\u0113rt\u012bgus darbiniekus.<br \/>\nL\u012bdz ar to daudz kas paliek nepateikts, darba veikums nemain\u0101s un rada stagn\u0101ciju.<br \/>\nDarbn\u012bcas dal\u012bbnieki apg\u016bs atgriezenisko saiti k\u0101 vad\u012bbas instrumentu un personisk\u0101s att\u012bst\u012bbas r\u012bku.<\/p>\n<p>M\u0113s apskat\u012bsim sekojo\u0161as t\u0113mas:<\/p>\n<ul>\n<li>Atgriezenisk\u0101s saites galvenie principi: kad, cik bie\u017ei, k\u0101dos apst\u0101k\u013cos?<\/li>\n<li>Konkr\u0113ti atgriezenisk\u0101s saites mode\u013ci: priek\u0161roc\u012bbas un tr\u016bkumi;<\/li>\n<li>Tipisk\u0101s k\u013c\u016bdas;<\/li>\n<li>Reakcijas uz atgriezenisko saiti un emocijas. Ko varam dar\u012bt?<\/li>\n<li>K\u0101 m\u0113s interpret\u0113jam atgriezenisko saiti \u2013 4 ausu modelis;<\/li>\n<li>K\u0101 papras\u012bt god\u012bgu un atkl\u0101tu atgriezenisko saiti?<\/li>\n<li>K\u0101p\u0113c tas ir tik gr\u016bti \u2013 negat\u012bv\u0101 un pozit\u012bv\u0101 atgriezenisk\u0101 saite.<\/li>\n<\/ul>\n<p>Darbn\u012bca paredz\u0113ta ikvienam, kur\u0161 ikdien\u0101 sniedz un sa\u0146em atgriezenisko saiti, k\u0101 ar\u012b tiem, kuri sen to nav sa\u0146\u0113mu\u0161i.<\/p>\n<p><strong>Katr\u012bna O\u0161leja<\/strong>\u00a0ir uz\u0146\u0113m\u0113ja, vad\u012bbas kou\u010ds, supervizors, l\u012bder\u012bbas trenere un ar\u012b KBT terapijas speci\u0101liste. Vi\u0146a str\u0101d\u0101 ar daudziem Latvijas liel\u0101kajiem uz\u0146\u0113mumiem \u2013 gan individu\u0101li ar vad\u012bt\u0101jiem, gan komand\u0101m, gan uz\u0146\u0113m\u0113ju grup\u0101m.<br \/>\nKatr\u012bna ir ieguvusi Starptautisk\u0101s kou\u010du feder\u0101cijas profesion\u0101l\u0101s akredit\u0101cijas PCC (<em>Professional Certified Coach<\/em>) l\u012bmeni un sasniegusi vair\u0101k k\u0101 2700 kou\u010dinga prakses stundu pieredzi. Vi\u0146a ir ar\u012b\u00a0<em>Marchall Goldsmith Stakeholder Centred Coaching<\/em>\u00a0pieejas sertific\u0113ts kou\u010ds, sertific\u0113ts supervizors un apguvusi\u00a0<em>GENOS International<\/em>\u00a0emocion\u0101l\u0101s inteli\u0123ences nov\u0113rt\u0113\u0161anas r\u012bku programmu.<br \/>\nKatr\u012bna ir apguvusi Kognit\u012bvi biheivior\u0101lo psihoterapiju un str\u0101d\u0101 ar\u012b k\u0101 terapijas speci\u0101lists. Da\u017ek\u0101rt terapijas lauk\u0101 apg\u016btais ir noder\u012bgs, str\u0101d\u0101jot ar organiz\u0101cij\u0101m un otr\u0101di, t\u0101d\u0113\u013c Katr\u012bna labpr\u0101t dal\u0101s ar savu pieredzi terapeitisko pieeju izmanto\u0161an\u0101 organiz\u0101cij\u0101s.<br \/>\nKatr\u012bna ir ieguvusi Ma\u0123istra gr\u0101du organiz\u0101ciju psiholo\u0123ij\u0101 un Ma\u0123istra gr\u0101du filozofij\u0101 \u2013 abus Latvijas Universit\u0101t\u0113.<\/p>\n<div class=\"post-events-content\">\n<p><strong>Dal\u012bbas maksa<\/strong>\u00a0 90 EUR.<br \/>\nPiesakoties vair\u0101k\u0101m lektores darbn\u012bc\u0101m, sa\u0146emsiet apjoma atlaidi.<br \/>\nJa esat \u017eurn\u0101la \"IR Nauda\" gada abonents, izmantojiet savu 20 % atlaides KUPONU, kas jums nos\u016bt\u012bts e-past\u0101.<br \/>\nPiesakieties abon\u0113t \u0161eit: <a href=\"https:\/\/ir.lv\/abonesana\" target=\"_blank\" rel=\"noopener\">https:\/\/ir.lv\/abonesana<\/a>.<br \/>\nAtlaides nesumm\u0113jas. Visas cenas nor\u0101d\u012btas ar PVN.<br \/>\nJa v\u0113laties pieteikt vair\u0101kus dal\u012bbniekus vai jums ir jaut\u0101jumi, l\u016bdzu, rakstiet: notikumi@ir.lv vai zvaniet: +371 29447030<\/p>\n<\/div>\n<div class=\"row collapse\">\n<div class=\"medium-8 columns medium-offset-2\">\n<div><strong>IR darbn\u012bcas<\/strong>: apm\u0101c\u012bbas, darbn\u012bcas, semin\u0101ri un kursi. Visu l\u012bme\u0146u vad\u012bt\u0101ju apm\u0101c\u012bbas. Digit\u0101l\u0101s prasmes, digit\u0101lais m\u0101rketings, m\u0101ksl\u012bgais intelekts, m\u0101ksl\u012bg\u0101 intelekta r\u012bki. Person\u0101la vad\u012bba, finan\u0161u prat\u012bba, sabiedrisk\u0101s attiec\u012bbas, lieti\u0161\u0137\u0101 sarakste un citas t\u0113mas tiem, kam r\u016bp pa\u0161att\u012bst\u012bba.<br \/>\nAktu\u0101lo semin\u0101ru un darbn\u012bcu pied\u0101v\u0101jumu skatieties <a href=\"http:\/\/irdarbnicas.lv\" target=\"_blank\" rel=\"noopener\">irdarbnicas.lv<\/a> kalend\u0101r\u0101.<\/div>\n<\/div>\n<\/div>\n","zoom":""},"product_brand":[],"product_cat":[48,50,49],"product_tag":[],"class_list":{"0":"post-6300","1":"product","2":"type-product","3":"status-publish","4":"has-post-thumbnail","6":"product_cat-darbnicas-2","7":"product_cat-notikumi-2","8":"product_cat-katrina-osleja-2","10":"first","11":"outofstock","12":"taxable","13":"shipping-taxable","14":"purchasable","15":"product-type-variable"},"_links":{"self":[{"href":"https:\/\/irdarbnicas.lv\/en\/wp-json\/wp\/v2\/product\/6300","targetHints":{"allow":["GET"]}}],"collection":[{"href":"https:\/\/irdarbnicas.lv\/en\/wp-json\/wp\/v2\/product"}],"about":[{"href":"https:\/\/irdarbnicas.lv\/en\/wp-json\/wp\/v2\/types\/product"}],"wp:featuredmedia":[{"embeddable":true,"href":"https:\/\/irdarbnicas.lv\/en\/wp-json\/wp\/v2\/media\/6442"}],"wp:attachment":[{"href":"https:\/\/irdarbnicas.lv\/en\/wp-json\/wp\/v2\/media?parent=6300"}],"wp:term":[{"taxonomy":"product_brand","embeddable":true,"href":"https:\/\/irdarbnicas.lv\/en\/wp-json\/wp\/v2\/product_brand?post=6300"},{"taxonomy":"product_cat","embeddable":true,"href":"https:\/\/irdarbnicas.lv\/en\/wp-json\/wp\/v2\/product_cat?post=6300"},{"taxonomy":"product_tag","embeddable":true,"href":"https:\/\/irdarbnicas.lv\/en\/wp-json\/wp\/v2\/product_tag?post=6300"}],"curies":[{"name":"wp","href":"https:\/\/api.w.org\/{rel}","templated":true}]}}