{"id":6307,"date":"2024-11-05T15:41:25","date_gmt":"2024-11-05T13:41:25","guid":{"rendered":"https:\/\/irdarbnicas.lv\/?post_type=product&#038;p=6307"},"modified":"2025-08-05T13:02:40","modified_gmt":"2025-08-05T10:02:40","slug":"ka-vadit-attalinati-ikdienas-vadiba-merku-izvirzisana-un-kontrole-sapulcu-vadiba","status":"publish","type":"product","link":"https:\/\/irdarbnicas.lv\/en\/notikums\/ka-vadit-attalinati-ikdienas-vadiba-merku-izvirzisana-un-kontrole-sapulcu-vadiba\/","title":{"rendered":"K\u0101 vad\u012bt att\u0101lin\u0101ti: ikdienas vad\u012bba, m\u0113r\u0137u izvirz\u012b\u0161ana un kontrole, sapul\u010du vad\u012bba"},"content":{"rendered":"","protected":false},"excerpt":{"rendered":"<p>Vad\u012bt\u0101ja loma att\u0101lin\u0101ta darba apst\u0101k\u013cos &#8211; k\u0101 nezaud\u0113t darbinieku produktivit\u0101ti un komandas garu.<\/p>\n","protected":false},"featured_media":6442,"template":"","meta":{"_jet_sm_ready_style":"","_jet_sm_style":"","_jet_sm_controls_values":"","_jet_sm_fonts_collection":"","_jet_sm_fonts_links":"","ir__nometne":"","mazajiem__jauniesiem":"","datums_":1742428800,"datums__end":0,"date_fancy":"20\/03","laiks":"09:00","laiks_lidz":"12:00","vieta":"Tie\u0161saiste","price-info":"90","subtitle":"Darbn\u012bca ar Katr\u012bnu O\u0161leju","apraksts":"<p>Lai gan att\u0101lin\u0101ta komandas vad\u012bba nu jau k\u013cuvusi par ikdienu, v\u0113l joproj\u0101m daudzi sastopas ar izaicin\u0101jumiem. Bailes, ka krit\u012bsies darbinieku produktivit\u0101te un ka zaud\u0113sim komandas garu. Saj\u016bta, ka sapulces k\u013cuvu\u0161as neprodukt\u012bvas, nezi\u0146a par darbinieku saj\u016bt\u0101m un motiv\u0101ciju. Jaut\u0101jumi par to, cik bie\u017ei un k\u0101dus komunik\u0101cijas kan\u0101lus izv\u0113l\u0113ties sazi\u0146ai ar komandu, lai b\u016btu gana, bet nep\u0101rsp\u012bl\u0113tu.<\/p>\n<p>T\u0113mas:<\/p>\n<ul>\n<li>Ikdienas komunik\u0101cija ar komandu \u2013 sapul\u010du veidi, lai uztur\u0113tu inform\u0113t\u012bbu un sekotu l\u012bdzi izpildei;<\/li>\n<li>Efekt\u012bvas att\u0101lin\u0101tas sapulces noteikumi un strukt\u016bra;<\/li>\n<li>Individu\u0101l\u0101s virtu\u0101l\u0101s tik\u0161an\u0101s \u2013 cik bie\u017ei un par ko?;<\/li>\n<li>Pozit\u012bvie un negat\u012bvie motivatori att\u0101lin\u0101t\u0101 darb\u0101;<\/li>\n<li>K\u0101 atst\u0101t vietu spontanit\u0101tei, emocij\u0101m un komandas saj\u016btai?<\/li>\n<li>Ilgtermi\u0146a un \u012bstermi\u0146a m\u0113r\u0137i, prioritiz\u0113\u0161ana un dz\u012bve nenoteikt\u012bb\u0101;<\/li>\n<li>Ko vad\u012bt\u0101js var dar\u012bt, lai atbalst\u012btu un ko ies\u0101kt ar emocij\u0101m?<\/li>\n<li>Vad\u012bt\u0101js k\u0101 komandas resurss \u2013 r\u016bpes par sav\u0101m vajadz\u012bb\u0101m.<\/li>\n<\/ul>\n<p>Darbn\u012bca piem\u0113rota ikvienam vad\u012bt\u0101jam, kur\u0161 v\u0113las uzlabot savas vad\u012bbas prasmes att\u0101lin\u0101ta darba apst\u0101k\u013cos.<\/p>\n<p><strong>Katr\u012bna O\u0161leja<\/strong>\u00a0ir uz\u0146\u0113m\u0113ja, vad\u012bbas kou\u010ds, supervizors, l\u012bder\u012bbas trenere un ar\u012b KBT terapijas speci\u0101liste. Vi\u0146a str\u0101d\u0101 ar daudziem Latvijas liel\u0101kajiem uz\u0146\u0113mumiem \u2013 gan individu\u0101li ar vad\u012bt\u0101jiem, gan komand\u0101m, gan uz\u0146\u0113m\u0113ju grup\u0101m.<br \/>\nKatr\u012bna ir ieguvusi Starptautisk\u0101s kou\u010du feder\u0101cijas profesion\u0101l\u0101s akredit\u0101cijas PCC (<em>Professional Certified Coach<\/em>) l\u012bmeni un sasniegusi vair\u0101k k\u0101 2700 kou\u010dinga prakses stundu pieredzi. Vi\u0146a ir ar\u012b\u00a0<em>Marchall Goldsmith Stakeholder Centred Coaching<\/em>\u00a0pieejas sertific\u0113ts kou\u010ds, sertific\u0113ts supervizors un apguvusi\u00a0<em>GENOS International<\/em>\u00a0emocion\u0101l\u0101s inteli\u0123ences nov\u0113rt\u0113\u0161anas r\u012bku programmu.<br \/>\nKatr\u012bna ir apguvusi Kognit\u012bvi biheivior\u0101lo psihoterapiju un str\u0101d\u0101 ar\u012b k\u0101 terapijas speci\u0101lists. Da\u017ek\u0101rt terapijas lauk\u0101 apg\u016btais ir noder\u012bgs, str\u0101d\u0101jot ar organiz\u0101cij\u0101m un otr\u0101di, t\u0101d\u0113\u013c Katr\u012bna labpr\u0101t dal\u0101s ar savu pieredzi terapeitisko pieeju izmanto\u0161an\u0101 organiz\u0101cij\u0101s.<br \/>\nKatr\u012bna ir ieguvusi Ma\u0123istra gr\u0101du organiz\u0101ciju psiholo\u0123ij\u0101 un Ma\u0123istra gr\u0101du filozofij\u0101 \u2013 abus Latvijas Universit\u0101t\u0113.<\/p>\n<div class=\"post-events-content\">\n<p><strong>Dal\u012bbas maksa<\/strong>\u00a0 90 EUR.<br \/>\nPiesakoties vair\u0101k\u0101m lektores darbn\u012bc\u0101m, sa\u0146emsiet apjoma atlaidi.<br \/>\nJa esat \u017eurn\u0101la \"IR Nauda\" gada abonents, izmantojiet savu 20 % atlaides KUPONU, kas jums nos\u016bt\u012bts e-past\u0101.<br \/>\nPiesakieties abon\u0113t \u0161eit: <a href=\"https:\/\/ir.lv\/abonesana\" target=\"_blank\" rel=\"noopener\">https:\/\/ir.lv\/abonesana<\/a>.<br \/>\nAtlaides nesumm\u0113jas. Visas cenas nor\u0101d\u012btas ar PVN.<br \/>\nJa v\u0113laties pieteikt vair\u0101kus dal\u012bbniekus vai jums ir jaut\u0101jumi, l\u016bdzu, rakstiet: notikumi@ir.lv vai zvaniet: +371 29447030<\/p>\n<\/div>\n<div class=\"row collapse\">\n<div class=\"medium-8 columns medium-offset-2\">\n<div><strong>IR darbn\u012bcas<\/strong>: apm\u0101c\u012bbas, darbn\u012bcas, semin\u0101ri un kursi. Visu l\u012bme\u0146u vad\u012bt\u0101ju apm\u0101c\u012bbas. Digit\u0101l\u0101s prasmes, digit\u0101lais m\u0101rketings, m\u0101ksl\u012bgais intelekts, m\u0101ksl\u012bg\u0101 intelekta r\u012bki. Person\u0101la vad\u012bba, finan\u0161u prat\u012bba, sabiedrisk\u0101s attiec\u012bbas, lieti\u0161\u0137\u0101 sarakste un citas t\u0113mas tiem, kam r\u016bp pa\u0161att\u012bst\u012bba.<br \/>\nAktu\u0101lo semin\u0101ru un darbn\u012bcu pied\u0101v\u0101jumu skatieties <a href=\"http:\/\/irdarbnicas.lv\" target=\"_blank\" rel=\"noopener\">irdarbnicas.lv<\/a> kalend\u0101r\u0101.<\/div>\n<\/div>\n<\/div>\n","zoom":""},"product_brand":[],"product_cat":[48,50,49],"product_tag":[],"class_list":{"0":"post-6307","1":"product","2":"type-product","3":"status-publish","4":"has-post-thumbnail","6":"product_cat-darbnicas-2","7":"product_cat-notikumi-2","8":"product_cat-katrina-osleja-2","10":"first","11":"outofstock","12":"taxable","13":"shipping-taxable","14":"purchasable","15":"product-type-variable"},"_links":{"self":[{"href":"https:\/\/irdarbnicas.lv\/en\/wp-json\/wp\/v2\/product\/6307","targetHints":{"allow":["GET"]}}],"collection":[{"href":"https:\/\/irdarbnicas.lv\/en\/wp-json\/wp\/v2\/product"}],"about":[{"href":"https:\/\/irdarbnicas.lv\/en\/wp-json\/wp\/v2\/types\/product"}],"wp:featuredmedia":[{"embeddable":true,"href":"https:\/\/irdarbnicas.lv\/en\/wp-json\/wp\/v2\/media\/6442"}],"wp:attachment":[{"href":"https:\/\/irdarbnicas.lv\/en\/wp-json\/wp\/v2\/media?parent=6307"}],"wp:term":[{"taxonomy":"product_brand","embeddable":true,"href":"https:\/\/irdarbnicas.lv\/en\/wp-json\/wp\/v2\/product_brand?post=6307"},{"taxonomy":"product_cat","embeddable":true,"href":"https:\/\/irdarbnicas.lv\/en\/wp-json\/wp\/v2\/product_cat?post=6307"},{"taxonomy":"product_tag","embeddable":true,"href":"https:\/\/irdarbnicas.lv\/en\/wp-json\/wp\/v2\/product_tag?post=6307"}],"curies":[{"name":"wp","href":"https:\/\/api.w.org\/{rel}","templated":true}]}}